{"id":3838,"date":"2023-12-12T00:27:15","date_gmt":"2023-12-12T00:27:15","guid":{"rendered":"https:\/\/www.aberje.com.br\/ce\/?post_type=premiado-aberje&#038;p=3838"},"modified":"2023-12-12T18:06:43","modified_gmt":"2023-12-12T18:06:43","slug":"jornal-o-liberal-liberal-amazon","status":"publish","type":"premiado-aberje","link":"https:\/\/www.aberje.com.br\/ce\/premio-aberje\/2023\/premios-especiais\/jornal-regional","title":{"rendered":"Jornal O Liberal &#8211; Liberal Amazon"},"content":{"rendered":"<p>Em uma era em que os problemas globais j\u00e1 fazem parte de nosso dia a dia, \u00e9 imprescind\u00edvel garantir o protagonismo para vozes e realidades locais. Este \u00e9 o caso da iniciativa <em>Liberal Amazon<\/em>, do Grupo Liberal, que vem produzindo jornalismo de alta qualidade, em portugu\u00eas e ingl\u00eas, em multiplataformas, mostrando as diferentes Amaz\u00f4nias que existem na regi\u00e3o, reportadas por pessoas da Amaz\u00f4nia. Congregando tamb\u00e9m o apoio de empresas e da academia, na figura da Universidade Federal do Par\u00e1, o projeto cobre os diferentes aspectos culturais, econ\u00f4micos, cient\u00edficos e sociais, com seus desafios, dilemas e fortalezas, apontando para um desenvolvimento sustent\u00e1vel, que considere tamb\u00e9m a comunidade local.<\/p>\n<p>Por apostar e investir em uma iniciativa jornal\u00edstica que promove uma vis\u00e3o local cada vez mais global, e considerando sua import\u00e2ncia regional em mais de 75 anos de hist\u00f3ria, <strong>o<\/strong> <strong>Pr\u00eamio M\u00eddia do Ano, na Categoria Jornal Regional, \u00e9 concedido ao projeto <em>Amazon Liberal<\/em>, do Grupo Liberal. <\/strong><\/p>\n","protected":false},"excerpt":{"rendered":"<p>Em uma era em que os problemas globais j\u00e1 fazem parte de nosso dia a dia, \u00e9 imprescind\u00edvel garantir o protagonismo para vozes e realidades locais. Este \u00e9 o caso da iniciativa Liberal Amazon, do Grupo Liberal, que vem produzindo jornalismo de alta qualidade, em portugu\u00eas e ingl\u00eas, em multiplataformas, mostrando as diferentes Amaz\u00f4nias que &hellip; <a href=\"https:\/\/www.aberje.com.br\/ce\/premio-aberje\/2023\/premios-especiais\/jornal-regional\" class=\"more-link\">Continuar lendo <span class=\"screen-reader-text\">Jornal O Liberal &#8211; Liberal Amazon<\/span><\/a><\/p>\n","protected":false},"featured_media":3839,"parent":0,"menu_order":0,"template":"","format":"standard","meta":{"_acf_changed":false,"footnotes":""},"categoria-premio":[59,57,52],"class_list":["post-3838","premiado-aberje","type-premiado-aberje","status-publish","format-standard","has-post-thumbnail","hentry","categoria-premio-jornal-regional","categoria-premio-midias-do-ano","categoria-premio-premios-especiais"],"acf":[],"yoast_head":"<!-- This site is optimized with the Yoast SEO plugin v25.3.1 - https:\/\/yoast.com\/wordpress\/plugins\/seo\/ -->\n<title>Jornal O Liberal - Liberal Amazon - CE<\/title>\n<meta name=\"robots\" content=\"index, follow, max-snippet:-1, max-image-preview:large, max-video-preview:-1\" \/>\n<link rel=\"canonical\" href=\"https:\/\/www.aberje.com.br\/ce\/premio-aberje\/2023\/premios-especiais\/jornal-regional\" \/>\n<meta property=\"og:locale\" content=\"pt_BR\" \/>\n<meta property=\"og:type\" content=\"article\" \/>\n<meta property=\"og:title\" content=\"Jornal O Liberal - Liberal Amazon - CE\" \/>\n<meta property=\"og:description\" content=\"Em uma era em que os problemas globais j\u00e1 fazem parte de nosso dia a dia, \u00e9 imprescind\u00edvel garantir o protagonismo para vozes e realidades locais. Este \u00e9 o caso da iniciativa Liberal Amazon, do Grupo Liberal, que vem produzindo jornalismo de alta qualidade, em portugu\u00eas e ingl\u00eas, em multiplataformas, mostrando as diferentes Amaz\u00f4nias que &hellip; Continuar lendo Jornal O Liberal &#8211; Liberal Amazon\" \/>\n<meta property=\"og:url\" content=\"https:\/\/www.aberje.com.br\/ce\/premio-aberje\/2023\/premios-especiais\/jornal-regional\" \/>\n<meta property=\"og:site_name\" content=\"CE\" \/>\n<meta property=\"article:modified_time\" content=\"2023-12-12T18:06:43+00:00\" \/>\n<meta property=\"og:image\" content=\"https:\/\/www.aberje.com.br\/ce\/wp-content\/uploads\/2023\/12\/Liberal-Amzon.jpg\" \/>\n\t<meta property=\"og:image:width\" content=\"567\" \/>\n\t<meta property=\"og:image:height\" content=\"283\" \/>\n\t<meta property=\"og:image:type\" content=\"image\/jpeg\" \/>\n<meta name=\"twitter:card\" content=\"summary_large_image\" \/>\n<meta name=\"twitter:label1\" content=\"Est. tempo de leitura\" \/>\n\t<meta name=\"twitter:data1\" content=\"1 minuto\" \/>\n<script type=\"application\/ld+json\" class=\"yoast-schema-graph\">{\"@context\":\"https:\/\/schema.org\",\"@graph\":[{\"@type\":\"WebPage\",\"@id\":\"https:\/\/www.aberje.com.br\/ce\/premio-aberje\/2023\/premios-especiais\/jornal-regional\",\"url\":\"https:\/\/www.aberje.com.br\/ce\/premio-aberje\/2023\/premios-especiais\/jornal-regional\",\"name\":\"Jornal O Liberal - Liberal Amazon - CE\",\"isPartOf\":{\"@id\":\"https:\/\/www.aberje.com.br\/ce\/#website\"},\"primaryImageOfPage\":{\"@id\":\"https:\/\/www.aberje.com.br\/ce\/premio-aberje\/2023\/premios-especiais\/jornal-regional#primaryimage\"},\"image\":{\"@id\":\"https:\/\/www.aberje.com.br\/ce\/premio-aberje\/2023\/premios-especiais\/jornal-regional#primaryimage\"},\"thumbnailUrl\":\"https:\/\/www.aberje.com.br\/ce\/wp-content\/uploads\/2023\/12\/Liberal-Amzon.jpg\",\"datePublished\":\"2023-12-12T00:27:15+00:00\",\"dateModified\":\"2023-12-12T18:06:43+00:00\",\"breadcrumb\":{\"@id\":\"https:\/\/www.aberje.com.br\/ce\/premio-aberje\/2023\/premios-especiais\/jornal-regional#breadcrumb\"},\"inLanguage\":\"pt-BR\",\"potentialAction\":[{\"@type\":\"ReadAction\",\"target\":[\"https:\/\/www.aberje.com.br\/ce\/premio-aberje\/2023\/premios-especiais\/jornal-regional\"]}]},{\"@type\":\"ImageObject\",\"inLanguage\":\"pt-BR\",\"@id\":\"https:\/\/www.aberje.com.br\/ce\/premio-aberje\/2023\/premios-especiais\/jornal-regional#primaryimage\",\"url\":\"https:\/\/www.aberje.com.br\/ce\/wp-content\/uploads\/2023\/12\/Liberal-Amzon.jpg\",\"contentUrl\":\"https:\/\/www.aberje.com.br\/ce\/wp-content\/uploads\/2023\/12\/Liberal-Amzon.jpg\",\"width\":567,\"height\":283},{\"@type\":\"BreadcrumbList\",\"@id\":\"https:\/\/www.aberje.com.br\/ce\/premio-aberje\/2023\/premios-especiais\/jornal-regional#breadcrumb\",\"itemListElement\":[{\"@type\":\"ListItem\",\"position\":1,\"name\":\"In\u00edcio\",\"item\":\"https:\/\/www.aberje.com.br\/ce\/\"},{\"@type\":\"ListItem\",\"position\":2,\"name\":\"Jornal O Liberal &#8211; Liberal Amazon\"}]},{\"@type\":\"WebSite\",\"@id\":\"https:\/\/www.aberje.com.br\/ce\/#website\",\"url\":\"https:\/\/www.aberje.com.br\/ce\/\",\"name\":\"CE\",\"description\":\"Revista Comunica\u00e7\u00e3o Empresarial\",\"potentialAction\":[{\"@type\":\"SearchAction\",\"target\":{\"@type\":\"EntryPoint\",\"urlTemplate\":\"https:\/\/www.aberje.com.br\/ce\/?s={search_term_string}\"},\"query-input\":{\"@type\":\"PropertyValueSpecification\",\"valueRequired\":true,\"valueName\":\"search_term_string\"}}],\"inLanguage\":\"pt-BR\"}]}<\/script>\n<!-- \/ Yoast SEO plugin. -->","yoast_head_json":{"title":"Jornal O Liberal - Liberal Amazon - CE","robots":{"index":"index","follow":"follow","max-snippet":"max-snippet:-1","max-image-preview":"max-image-preview:large","max-video-preview":"max-video-preview:-1"},"canonical":"https:\/\/www.aberje.com.br\/ce\/premio-aberje\/2023\/premios-especiais\/jornal-regional","og_locale":"pt_BR","og_type":"article","og_title":"Jornal O Liberal - Liberal Amazon - CE","og_description":"Em uma era em que os problemas globais j\u00e1 fazem parte de nosso dia a dia, \u00e9 imprescind\u00edvel garantir o protagonismo para vozes e realidades locais. Este \u00e9 o caso da iniciativa Liberal Amazon, do Grupo Liberal, que vem produzindo jornalismo de alta qualidade, em portugu\u00eas e ingl\u00eas, em multiplataformas, mostrando as diferentes Amaz\u00f4nias que &hellip; Continuar lendo Jornal O Liberal &#8211; Liberal Amazon","og_url":"https:\/\/www.aberje.com.br\/ce\/premio-aberje\/2023\/premios-especiais\/jornal-regional","og_site_name":"CE","article_modified_time":"2023-12-12T18:06:43+00:00","og_image":[{"width":567,"height":283,"url":"https:\/\/www.aberje.com.br\/ce\/wp-content\/uploads\/2023\/12\/Liberal-Amzon.jpg","type":"image\/jpeg"}],"twitter_card":"summary_large_image","twitter_misc":{"Est. tempo de leitura":"1 minuto"},"schema":{"@context":"https:\/\/schema.org","@graph":[{"@type":"WebPage","@id":"https:\/\/www.aberje.com.br\/ce\/premio-aberje\/2023\/premios-especiais\/jornal-regional","url":"https:\/\/www.aberje.com.br\/ce\/premio-aberje\/2023\/premios-especiais\/jornal-regional","name":"Jornal O Liberal - Liberal Amazon - CE","isPartOf":{"@id":"https:\/\/www.aberje.com.br\/ce\/#website"},"primaryImageOfPage":{"@id":"https:\/\/www.aberje.com.br\/ce\/premio-aberje\/2023\/premios-especiais\/jornal-regional#primaryimage"},"image":{"@id":"https:\/\/www.aberje.com.br\/ce\/premio-aberje\/2023\/premios-especiais\/jornal-regional#primaryimage"},"thumbnailUrl":"https:\/\/www.aberje.com.br\/ce\/wp-content\/uploads\/2023\/12\/Liberal-Amzon.jpg","datePublished":"2023-12-12T00:27:15+00:00","dateModified":"2023-12-12T18:06:43+00:00","breadcrumb":{"@id":"https:\/\/www.aberje.com.br\/ce\/premio-aberje\/2023\/premios-especiais\/jornal-regional#breadcrumb"},"inLanguage":"pt-BR","potentialAction":[{"@type":"ReadAction","target":["https:\/\/www.aberje.com.br\/ce\/premio-aberje\/2023\/premios-especiais\/jornal-regional"]}]},{"@type":"ImageObject","inLanguage":"pt-BR","@id":"https:\/\/www.aberje.com.br\/ce\/premio-aberje\/2023\/premios-especiais\/jornal-regional#primaryimage","url":"https:\/\/www.aberje.com.br\/ce\/wp-content\/uploads\/2023\/12\/Liberal-Amzon.jpg","contentUrl":"https:\/\/www.aberje.com.br\/ce\/wp-content\/uploads\/2023\/12\/Liberal-Amzon.jpg","width":567,"height":283},{"@type":"BreadcrumbList","@id":"https:\/\/www.aberje.com.br\/ce\/premio-aberje\/2023\/premios-especiais\/jornal-regional#breadcrumb","itemListElement":[{"@type":"ListItem","position":1,"name":"In\u00edcio","item":"https:\/\/www.aberje.com.br\/ce\/"},{"@type":"ListItem","position":2,"name":"Jornal O Liberal &#8211; Liberal Amazon"}]},{"@type":"WebSite","@id":"https:\/\/www.aberje.com.br\/ce\/#website","url":"https:\/\/www.aberje.com.br\/ce\/","name":"CE","description":"Revista Comunica\u00e7\u00e3o Empresarial","potentialAction":[{"@type":"SearchAction","target":{"@type":"EntryPoint","urlTemplate":"https:\/\/www.aberje.com.br\/ce\/?s={search_term_string}"},"query-input":{"@type":"PropertyValueSpecification","valueRequired":true,"valueName":"search_term_string"}}],"inLanguage":"pt-BR"}]}},"_links":{"self":[{"href":"https:\/\/www.aberje.com.br\/ce\/wp-json\/wp\/v2\/premiado-aberje\/3838","targetHints":{"allow":["GET"]}}],"collection":[{"href":"https:\/\/www.aberje.com.br\/ce\/wp-json\/wp\/v2\/premiado-aberje"}],"about":[{"href":"https:\/\/www.aberje.com.br\/ce\/wp-json\/wp\/v2\/types\/premiado-aberje"}],"version-history":[{"count":5,"href":"https:\/\/www.aberje.com.br\/ce\/wp-json\/wp\/v2\/premiado-aberje\/3838\/revisions"}],"predecessor-version":[{"id":4101,"href":"https:\/\/www.aberje.com.br\/ce\/wp-json\/wp\/v2\/premiado-aberje\/3838\/revisions\/4101"}],"wp:featuredmedia":[{"embeddable":true,"href":"https:\/\/www.aberje.com.br\/ce\/wp-json\/wp\/v2\/media\/3839"}],"wp:attachment":[{"href":"https:\/\/www.aberje.com.br\/ce\/wp-json\/wp\/v2\/media?parent=3838"}],"wp:term":[{"taxonomy":"categoria-premio","embeddable":true,"href":"https:\/\/www.aberje.com.br\/ce\/wp-json\/wp\/v2\/categoria-premio?post=3838"}],"curies":[{"name":"wp","href":"https:\/\/api.w.org\/{rel}","templated":true}]}}